{"id":31,"date":"2024-02-18T08:50:54","date_gmt":"2024-02-18T07:50:54","guid":{"rendered":"https:\/\/xn--lindwurmstrae-mdb.de\/?page_id=31"},"modified":"2024-03-20T21:06:43","modified_gmt":"2024-03-20T20:06:43","slug":"fuer-unsere-haendlerinnen","status":"publish","type":"page","link":"https:\/\/xn--lindwurmstraefralle-wtb52d.de\/?page_id=31","title":{"rendered":"Gr\u00fcnde"},"content":{"rendered":"\t\t<div data-elementor-type=\"wp-page\" data-elementor-id=\"31\" class=\"elementor elementor-31\">\n\t\t\t\t<div class=\"elementor-element elementor-element-a5a1f09 e-flex e-con-boxed e-con e-parent\" data-id=\"a5a1f09\" data-element_type=\"container\" data-e-type=\"container\">\n\t\t\t\t\t<div class=\"e-con-inner\">\n\t\t\t\t<div class=\"elementor-element elementor-element-0bf0298 elementor-widget elementor-widget-accordion\" data-id=\"0bf0298\" data-element_type=\"widget\" data-e-type=\"widget\" data-widget_type=\"accordion.default\">\n\t\t\t\t<div class=\"elementor-widget-container\">\n\t\t\t\t\t\t\t<div class=\"elementor-accordion\">\n\t\t\t\t\t\t\t<div class=\"elementor-accordion-item\">\n\t\t\t\t\t<div id=\"elementor-tab-title-1251\" class=\"elementor-tab-title\" data-tab=\"1\" role=\"button\" aria-controls=\"elementor-tab-content-1251\" aria-expanded=\"false\">\n\t\t\t\t\t\t\t\t\t\t\t\t\t<span class=\"elementor-accordion-icon elementor-accordion-icon-left\" aria-hidden=\"true\">\n\t\t\t\t\t\t\t\t\t\t\t\t\t\t\t<span class=\"elementor-accordion-icon-closed\"><svg class=\"e-font-icon-svg e-fas-plus\" viewBox=\"0 0 448 512\" xmlns=\"http:\/\/www.w3.org\/2000\/svg\"><path d=\"M416 208H272V64c0-17.67-14.33-32-32-32h-32c-17.67 0-32 14.33-32 32v144H32c-17.67 0-32 14.33-32 32v32c0 17.67 14.33 32 32 32h144v144c0 17.67 14.33 32 32 32h32c17.67 0 32-14.33 32-32V304h144c17.67 0 32-14.33 32-32v-32c0-17.67-14.33-32-32-32z\"><\/path><\/svg><\/span>\n\t\t\t\t\t\t\t\t<span class=\"elementor-accordion-icon-opened\"><svg class=\"e-font-icon-svg e-fas-minus\" viewBox=\"0 0 448 512\" xmlns=\"http:\/\/www.w3.org\/2000\/svg\"><path d=\"M416 208H32c-17.67 0-32 14.33-32 32v32c0 17.67 14.33 32 32 32h384c17.67 0 32-14.33 32-32v-32c0-17.67-14.33-32-32-32z\"><\/path><\/svg><\/span>\n\t\t\t\t\t\t\t\t\t\t\t\t\t\t<\/span>\n\t\t\t\t\t\t\t\t\t\t\t\t<a class=\"elementor-accordion-title\" tabindex=\"0\">F\u00fcr die Wirtschaft<\/a>\n\t\t\t\t\t<\/div>\n\t\t\t\t\t<div id=\"elementor-tab-content-1251\" class=\"elementor-tab-content elementor-clearfix\" data-tab=\"1\" role=\"region\" aria-labelledby=\"elementor-tab-title-1251\"><p><\/p>\n<p>In der Lindwurmstra\u00dfe reiht sich ein Laden an den n\u00e4chsten. Von der Eisdiele, dem Caf\u00e9 und dem Restaurant \u00fcber die Apotheke, die Friseurin und den Fahrradladen bis hin zum Drogerie- und Supermarkt l\u00e4sst sich hier alles finden.<\/p>\n<p><br \/>Der aktuelle Radweg soll k\u00fcnftig dem Gehweg zugestanden werden. Damit entsteht beiderseits eine breite Promenade, l\u00e4rmreduziert und mit besserer Luftqualit\u00e4t, einges\u00e4umt zwischen den charakteristischen Pappeln auf der einen und den Gesch\u00e4ften auf der anderen Seite, die zum Bummeln einl\u00e4dt, aber auch deutlich mehr Platz f\u00fcr Freischankfl\u00e4chen bietet.<\/p>\n<p>\u00a0<\/p>\n<p>Dass dadurch der Umsatz im Einzelhandel steigt, ist bereits durch <a href=\"https:\/\/www.rifs-potsdam.de\/de\/blog\/2021\/09\/mehr-umsatz-durch-attraktive-stadtgestaltung\">Studien<\/a> nachgewiesen.<\/p>\n<div id=\"attachment_316\" style=\"width: 1208px\" class=\"wp-caption aligncenter\"><img fetchpriority=\"high\" decoding=\"async\" aria-describedby=\"caption-attachment-316\" class=\"wp-image-316 size-full\" src=\"https:\/\/xn--lindwurmstraefralle-wtb52d.de\/wp-content\/uploads\/2024\/02\/cropped-KKM_Infografiken_3-1200x1400-1.png\" alt=\"\" width=\"1198\" height=\"1400\" srcset=\"https:\/\/xn--lindwurmstraefralle-wtb52d.de\/wp-content\/uploads\/2024\/02\/cropped-KKM_Infografiken_3-1200x1400-1.png 1198w, https:\/\/xn--lindwurmstraefralle-wtb52d.de\/wp-content\/uploads\/2024\/02\/cropped-KKM_Infografiken_3-1200x1400-1-257x300.png 257w, https:\/\/xn--lindwurmstraefralle-wtb52d.de\/wp-content\/uploads\/2024\/02\/cropped-KKM_Infografiken_3-1200x1400-1-876x1024.png 876w, https:\/\/xn--lindwurmstraefralle-wtb52d.de\/wp-content\/uploads\/2024\/02\/cropped-KKM_Infografiken_3-1200x1400-1-768x897.png 768w\" sizes=\"(max-width: 1198px) 100vw, 1198px\" \/><p id=\"caption-attachment-316\" class=\"wp-caption-text\">Quelle: Kompetenznetzwerk Klima Mobil, https:\/\/www.klimaschutz-bewegt.de\/wp-content\/uploads\/KKM_Infografiken_3.png<\/p><\/div>\n<p><\/p>\n<p><\/p>\n<p>\u00a0<\/p><\/div>\n\t\t\t\t<\/div>\n\t\t\t\t\t\t\t<div class=\"elementor-accordion-item\">\n\t\t\t\t\t<div id=\"elementor-tab-title-1252\" class=\"elementor-tab-title\" data-tab=\"2\" role=\"button\" aria-controls=\"elementor-tab-content-1252\" aria-expanded=\"false\">\n\t\t\t\t\t\t\t\t\t\t\t\t\t<span class=\"elementor-accordion-icon elementor-accordion-icon-left\" aria-hidden=\"true\">\n\t\t\t\t\t\t\t\t\t\t\t\t\t\t\t<span class=\"elementor-accordion-icon-closed\"><svg class=\"e-font-icon-svg e-fas-plus\" viewBox=\"0 0 448 512\" xmlns=\"http:\/\/www.w3.org\/2000\/svg\"><path d=\"M416 208H272V64c0-17.67-14.33-32-32-32h-32c-17.67 0-32 14.33-32 32v144H32c-17.67 0-32 14.33-32 32v32c0 17.67 14.33 32 32 32h144v144c0 17.67 14.33 32 32 32h32c17.67 0 32-14.33 32-32V304h144c17.67 0 32-14.33 32-32v-32c0-17.67-14.33-32-32-32z\"><\/path><\/svg><\/span>\n\t\t\t\t\t\t\t\t<span class=\"elementor-accordion-icon-opened\"><svg class=\"e-font-icon-svg e-fas-minus\" viewBox=\"0 0 448 512\" xmlns=\"http:\/\/www.w3.org\/2000\/svg\"><path d=\"M416 208H32c-17.67 0-32 14.33-32 32v32c0 17.67 14.33 32 32 32h384c17.67 0 32-14.33 32-32v-32c0-17.67-14.33-32-32-32z\"><\/path><\/svg><\/span>\n\t\t\t\t\t\t\t\t\t\t\t\t\t\t<\/span>\n\t\t\t\t\t\t\t\t\t\t\t\t<a class=\"elementor-accordion-title\" tabindex=\"0\">F\u00fcr weniger Unf\u00e4lle<\/a>\n\t\t\t\t\t<\/div>\n\t\t\t\t\t<div id=\"elementor-tab-content-1252\" class=\"elementor-tab-content elementor-clearfix\" data-tab=\"2\" role=\"region\" aria-labelledby=\"elementor-tab-title-1252\"><p>Die Kreuzungen der Lindwurmstra\u00dfe sind heute Unfallschwerpunkte in der Ludwigsvorstadt-Isarvorstadt. Zu Unf\u00e4llen und Beinaheunf\u00e4llen kommt es fast t\u00e4glich aber auch auf den schmalen unmittelbar nebeneinanderliegenden Geh- und Radwegen. Von 2011 &#8211; 2020 wurden <a href=\"https:\/\/muenchenunterwegs.de\/content\/854\/download\/230620-prasentation-ov-lindwurmstrasse.pdf\">160 Leichverletzte und 9 Schwerverletzte<\/a> registriert.<\/p>\n<div id=\"attachment_760\" style=\"width: 763px\" class=\"wp-caption aligncenter\"><img decoding=\"async\" aria-describedby=\"caption-attachment-760\" class=\"wp-image-760 size-full\" src=\"https:\/\/xn--lindwurmstraefralle-wtb52d.de\/wp-content\/uploads\/2024\/02\/Unfallkarte.png\" alt=\"\" width=\"753\" height=\"404\" srcset=\"https:\/\/xn--lindwurmstraefralle-wtb52d.de\/wp-content\/uploads\/2024\/02\/Unfallkarte.png 753w, https:\/\/xn--lindwurmstraefralle-wtb52d.de\/wp-content\/uploads\/2024\/02\/Unfallkarte-300x161.png 300w, https:\/\/xn--lindwurmstraefralle-wtb52d.de\/wp-content\/uploads\/2024\/02\/Unfallkarte-700x376.png 700w\" sizes=\"(max-width: 753px) 100vw, 753px\" \/><p id=\"caption-attachment-760\" class=\"wp-caption-text\">Quelle: Mobilit\u00e4tsreferat M\u00fcnchen, https:\/\/muenchenunterwegs.de\/content\/854\/download\/230620-prasentation-ov-lindwurmstrasse.pdf, Seite 5<\/p><\/div>\n<p><br \/>Der Umbau der Lindwurmstra\u00dfe trennt die Gehbahn vom Radweg und vermeidet somit die Begegnung von Radler*innen und Fu\u00dfg\u00e4nger*innen, die gem\u00fctlich vor den Gesch\u00e4ften spazieren wollen. Durch eine gro\u00dfteils bauliche Trennung au\u00dferdem von Rad- und Kfz-Verkehr macht er die Stra\u00dfe f\u00fcr alle Verkehrsteilnehmer*innen sicherer.<\/p><\/div>\n\t\t\t\t<\/div>\n\t\t\t\t\t\t\t<div class=\"elementor-accordion-item\">\n\t\t\t\t\t<div id=\"elementor-tab-title-1253\" class=\"elementor-tab-title\" data-tab=\"3\" role=\"button\" aria-controls=\"elementor-tab-content-1253\" aria-expanded=\"false\">\n\t\t\t\t\t\t\t\t\t\t\t\t\t<span class=\"elementor-accordion-icon elementor-accordion-icon-left\" aria-hidden=\"true\">\n\t\t\t\t\t\t\t\t\t\t\t\t\t\t\t<span class=\"elementor-accordion-icon-closed\"><svg class=\"e-font-icon-svg e-fas-plus\" viewBox=\"0 0 448 512\" xmlns=\"http:\/\/www.w3.org\/2000\/svg\"><path d=\"M416 208H272V64c0-17.67-14.33-32-32-32h-32c-17.67 0-32 14.33-32 32v144H32c-17.67 0-32 14.33-32 32v32c0 17.67 14.33 32 32 32h144v144c0 17.67 14.33 32 32 32h32c17.67 0 32-14.33 32-32V304h144c17.67 0 32-14.33 32-32v-32c0-17.67-14.33-32-32-32z\"><\/path><\/svg><\/span>\n\t\t\t\t\t\t\t\t<span class=\"elementor-accordion-icon-opened\"><svg class=\"e-font-icon-svg e-fas-minus\" viewBox=\"0 0 448 512\" xmlns=\"http:\/\/www.w3.org\/2000\/svg\"><path d=\"M416 208H32c-17.67 0-32 14.33-32 32v32c0 17.67 14.33 32 32 32h384c17.67 0 32-14.33 32-32v-32c0-17.67-14.33-32-32-32z\"><\/path><\/svg><\/span>\n\t\t\t\t\t\t\t\t\t\t\t\t\t\t<\/span>\n\t\t\t\t\t\t\t\t\t\t\t\t<a class=\"elementor-accordion-title\" tabindex=\"0\">F\u00fcr ein zukunftsf\u00e4hige Mobilit\u00e4t<\/a>\n\t\t\t\t\t<\/div>\n\t\t\t\t\t<div id=\"elementor-tab-content-1253\" class=\"elementor-tab-content elementor-clearfix\" data-tab=\"3\" role=\"region\" aria-labelledby=\"elementor-tab-title-1253\"><p><a href=\"https:\/\/muenchenunterwegs.de\/news\/muenchner-verkehr-2023-trend-zu-bus-bahn-und-fahrrad-haelt-an\">In M\u00fcnchen geht der Trend weg vom Auto hin zu nachhaltigen Verkehrsmitteln<\/a>. In der Lindwurmstra\u00dfe wurde innerhalb von 11 Jahren <a href=\"https:\/\/muenchenunterwegs.de\/content\/854\/download\/230620-prasentation-ov-lindwurmstrasse.pdf\">70% mehr Radverkehr und 35% weniger Autos<\/a> registriert. Wir m\u00fcssen unsere Stra\u00dfen nicht nur an diese neuen Verh\u00e4ltnisse anpassen, sondern nachhaltige Mobilit\u00e4t weiter f\u00f6rdern, um <a href=\"https:\/\/muenchenunterwegs.de\/2035\">M\u00fcnchens Mobilit\u00e4tsziele<\/a> zu erreichen.<\/p><\/div>\n\t\t\t\t<\/div>\n\t\t\t\t\t\t\t\t<\/div>\n\t\t\t\t\t\t<\/div>\n\t\t\t\t<\/div>\n\t\t\t\t\t<\/div>\n\t\t\t\t<\/div>\n\t\t<div class=\"elementor-element elementor-element-c35ec22 e-flex e-con-boxed e-con e-parent\" data-id=\"c35ec22\" data-element_type=\"container\" data-e-type=\"container\">\n\t\t\t\t\t<div class=\"e-con-inner\">\n\t\t<div class=\"elementor-element elementor-element-f660dcd e-con-full e-flex e-con e-child\" data-id=\"f660dcd\" data-element_type=\"container\" data-e-type=\"container\">\n\t\t\t\t<div class=\"elementor-element elementor-element-7d73a1e elementor-widget elementor-widget-heading\" data-id=\"7d73a1e\" data-element_type=\"widget\" data-e-type=\"widget\" data-widget_type=\"heading.default\">\n\t\t\t\t<div class=\"elementor-widget-container\">\n\t\t\t\t\t<h4 class=\"elementor-heading-title elementor-size-default\">Ja, aber...<\/h4>\t\t\t\t<\/div>\n\t\t\t\t<\/div>\n\t\t\t\t<\/div>\n\t\t\t\t\t<\/div>\n\t\t\t\t<\/div>\n\t\t<div class=\"elementor-element elementor-element-a68dcbb e-flex e-con-boxed e-con e-parent\" data-id=\"a68dcbb\" data-element_type=\"container\" data-e-type=\"container\">\n\t\t\t\t\t<div class=\"e-con-inner\">\n\t\t\t\t<div class=\"elementor-element elementor-element-eb07cdc elementor-widget elementor-widget-accordion\" data-id=\"eb07cdc\" data-element_type=\"widget\" data-e-type=\"widget\" data-widget_type=\"accordion.default\">\n\t\t\t\t<div class=\"elementor-widget-container\">\n\t\t\t\t\t\t\t<div class=\"elementor-accordion\">\n\t\t\t\t\t\t\t<div class=\"elementor-accordion-item\">\n\t\t\t\t\t<div id=\"elementor-tab-title-2461\" class=\"elementor-tab-title\" data-tab=\"1\" role=\"button\" aria-controls=\"elementor-tab-content-2461\" aria-expanded=\"false\">\n\t\t\t\t\t\t\t\t\t\t\t\t\t<span class=\"elementor-accordion-icon elementor-accordion-icon-left\" aria-hidden=\"true\">\n\t\t\t\t\t\t\t\t\t\t\t\t\t\t\t<span class=\"elementor-accordion-icon-closed\"><svg class=\"e-font-icon-svg e-fas-plus\" viewBox=\"0 0 448 512\" xmlns=\"http:\/\/www.w3.org\/2000\/svg\"><path d=\"M416 208H272V64c0-17.67-14.33-32-32-32h-32c-17.67 0-32 14.33-32 32v144H32c-17.67 0-32 14.33-32 32v32c0 17.67 14.33 32 32 32h144v144c0 17.67 14.33 32 32 32h32c17.67 0 32-14.33 32-32V304h144c17.67 0 32-14.33 32-32v-32c0-17.67-14.33-32-32-32z\"><\/path><\/svg><\/span>\n\t\t\t\t\t\t\t\t<span class=\"elementor-accordion-icon-opened\"><svg class=\"e-font-icon-svg e-fas-minus\" viewBox=\"0 0 448 512\" xmlns=\"http:\/\/www.w3.org\/2000\/svg\"><path d=\"M416 208H32c-17.67 0-32 14.33-32 32v32c0 17.67 14.33 32 32 32h384c17.67 0 32-14.33 32-32v-32c0-17.67-14.33-32-32-32z\"><\/path><\/svg><\/span>\n\t\t\t\t\t\t\t\t\t\t\t\t\t\t<\/span>\n\t\t\t\t\t\t\t\t\t\t\t\t<a class=\"elementor-accordion-title\" tabindex=\"0\">\"Der Einzelhandel braucht Parkpl\u00e4tze.\"<\/a>\n\t\t\t\t\t<\/div>\n\t\t\t\t\t<div id=\"elementor-tab-content-2461\" class=\"elementor-tab-content elementor-clearfix\" data-tab=\"1\" role=\"region\" aria-labelledby=\"elementor-tab-title-2461\"><p>Die Pl\u00e4ne f\u00fcr die neue Lindwurmstra\u00dfe sehen in allen Abschnitten Lieferzonen bzw. Parkpl\u00e4tze vor.<\/p><div id=\"attachment_765\" style=\"width: 719px\" class=\"wp-caption aligncenter\"><img decoding=\"async\" aria-describedby=\"caption-attachment-765\" class=\"wp-image-765 size-full\" src=\"https:\/\/xn--lindwurmstraefralle-wtb52d.de\/wp-content\/uploads\/2024\/02\/Lieferzonen.png\" alt=\"\" width=\"709\" height=\"590\" srcset=\"https:\/\/xn--lindwurmstraefralle-wtb52d.de\/wp-content\/uploads\/2024\/02\/Lieferzonen.png 709w, https:\/\/xn--lindwurmstraefralle-wtb52d.de\/wp-content\/uploads\/2024\/02\/Lieferzonen-300x250.png 300w, https:\/\/xn--lindwurmstraefralle-wtb52d.de\/wp-content\/uploads\/2024\/02\/Lieferzonen-700x583.png 700w\" sizes=\"(max-width: 709px) 100vw, 709px\" \/><p id=\"caption-attachment-765\" class=\"wp-caption-text\">Quelle: Mobilit\u00e4tsreferat M\u00fcnchen, https:\/\/muenchenunterwegs.de\/content\/854\/download\/230620-prasentation-ov-lindwurmstrasse.pdf, Seite 23<\/p><\/div><p>Einige der vielen Gewerbetreibenden bef\u00fcrchten durch die Verkehrsberuhigung und das verringerte Parkangebot weitere Umsatzeinbu\u00dfen, die nach der Pandemie und der hohen Inflation existenziell werden k\u00f6nnten. Wir k\u00f6nnen diese \u00c4ngste gut verstehen und nehmen sie ernst, wollen aber darauf hinweisen, dass mehrere Studien nachgewiesen haben, dass autoreduzierte Einkaufszonen attraktiver f\u00fcr Kund*innen sind und schlussendlich zu <a href=\"https:\/\/www.rifs-potsdam.de\/de\/blog\/2021\/09\/mehr-umsatz-durch-attraktive-stadtgestaltung\">mehr Umsatz<\/a> f\u00fchren. <a href=\"https:\/\/lagedernation.org\/podcast\/ldn354-wagenknecht-gruendet-verein-krieg-in-israel-antisemitismus-in-deutschland-interview-laura-cazes-zwst-gesetz-zu-abschiebungen-verkehr-in-osnabrueck-berlusconis-kunstsammlung\/?t=1%3A14%3A54\">Studien weisen au\u00dferdem nach<\/a>, dass H\u00e4ndler*innen den Umsatz \u00fcbersch\u00e4tzen, der durch Kunden generiert wird, die mit dem eigenen PKW kommen.<\/p><\/div>\n\t\t\t\t<\/div>\n\t\t\t\t\t\t\t<div class=\"elementor-accordion-item\">\n\t\t\t\t\t<div id=\"elementor-tab-title-2462\" class=\"elementor-tab-title\" data-tab=\"2\" role=\"button\" aria-controls=\"elementor-tab-content-2462\" aria-expanded=\"false\">\n\t\t\t\t\t\t\t\t\t\t\t\t\t<span class=\"elementor-accordion-icon elementor-accordion-icon-left\" aria-hidden=\"true\">\n\t\t\t\t\t\t\t\t\t\t\t\t\t\t\t<span class=\"elementor-accordion-icon-closed\"><svg class=\"e-font-icon-svg e-fas-plus\" viewBox=\"0 0 448 512\" xmlns=\"http:\/\/www.w3.org\/2000\/svg\"><path d=\"M416 208H272V64c0-17.67-14.33-32-32-32h-32c-17.67 0-32 14.33-32 32v144H32c-17.67 0-32 14.33-32 32v32c0 17.67 14.33 32 32 32h144v144c0 17.67 14.33 32 32 32h32c17.67 0 32-14.33 32-32V304h144c17.67 0 32-14.33 32-32v-32c0-17.67-14.33-32-32-32z\"><\/path><\/svg><\/span>\n\t\t\t\t\t\t\t\t<span class=\"elementor-accordion-icon-opened\"><svg class=\"e-font-icon-svg e-fas-minus\" viewBox=\"0 0 448 512\" xmlns=\"http:\/\/www.w3.org\/2000\/svg\"><path d=\"M416 208H32c-17.67 0-32 14.33-32 32v32c0 17.67 14.33 32 32 32h384c17.67 0 32-14.33 32-32v-32c0-17.67-14.33-32-32-32z\"><\/path><\/svg><\/span>\n\t\t\t\t\t\t\t\t\t\t\t\t\t\t<\/span>\n\t\t\t\t\t\t\t\t\t\t\t\t<a class=\"elementor-accordion-title\" tabindex=\"0\">\"Die Mieten werden steigen.\"<\/a>\n\t\t\t\t\t<\/div>\n\t\t\t\t\t<div id=\"elementor-tab-content-2462\" class=\"elementor-tab-content elementor-clearfix\" data-tab=\"2\" role=\"region\" aria-labelledby=\"elementor-tab-title-2462\"><div id=\"kt-accordion-panel-944631\" class=\"kt-accordion-panel kt-accordion-panel-active\" role=\"region\" aria-labelledby=\"kt-accordion-header-944631\" data-panel-height=\"0px\"><div class=\"kt-accordion-panel-inner\"><p>Steigende Mieten und Gentrifizierung sind ein gro\u00dfes Problem in M\u00fcnchen. Die Lindwurmstra\u00dfe ist davon nicht ausgenommen: F\u00fcr uns, die wir hier wohnen, gleicherma\u00dfen wie f\u00fcr die Gewerbetreibenden.<\/p><p>In der M\u00fcnchner Innenstadt geben L\u00e4den auf. Ein un\u00fcbersehbarer Strukturwandel findet jedoch nicht ausschlie\u00dflich durch steigende Mieten statt, sondern auch aufgrund von Generationenwechseln, <a href=\"https:\/\/www.sueddeutsche.de\/muenchen\/muenchen-personalmangel-einzelhandel-oeffnungszeiten-innenstadt-1.6057169\">Personalmangel<\/a> und der starken Konkurrenz durch den Online-Handel.<\/p><p>Gentrifizierung muss durch politische Mittel angegangen werden, nicht jedoch durch ein Festhalten an einer nachweislich gesundheitssch\u00e4dlichen, gef\u00e4hrlichen, unsozialen und damit unattraktiven Stadtgestaltung in Form von einer Bevorzugung des Autos.<\/p><p>Unser gesamtgesellschaftliches Ziel sollte es sein, zusammen in einer lebenswerten und bezahlbaren Stadt zu leben.<\/p><\/div><\/div><\/div>\n\t\t\t\t<\/div>\n\t\t\t\t\t\t\t<div class=\"elementor-accordion-item\">\n\t\t\t\t\t<div id=\"elementor-tab-title-2463\" class=\"elementor-tab-title\" data-tab=\"3\" role=\"button\" aria-controls=\"elementor-tab-content-2463\" aria-expanded=\"false\">\n\t\t\t\t\t\t\t\t\t\t\t\t\t<span class=\"elementor-accordion-icon elementor-accordion-icon-left\" aria-hidden=\"true\">\n\t\t\t\t\t\t\t\t\t\t\t\t\t\t\t<span class=\"elementor-accordion-icon-closed\"><svg class=\"e-font-icon-svg e-fas-plus\" viewBox=\"0 0 448 512\" xmlns=\"http:\/\/www.w3.org\/2000\/svg\"><path d=\"M416 208H272V64c0-17.67-14.33-32-32-32h-32c-17.67 0-32 14.33-32 32v144H32c-17.67 0-32 14.33-32 32v32c0 17.67 14.33 32 32 32h144v144c0 17.67 14.33 32 32 32h32c17.67 0 32-14.33 32-32V304h144c17.67 0 32-14.33 32-32v-32c0-17.67-14.33-32-32-32z\"><\/path><\/svg><\/span>\n\t\t\t\t\t\t\t\t<span class=\"elementor-accordion-icon-opened\"><svg class=\"e-font-icon-svg e-fas-minus\" viewBox=\"0 0 448 512\" xmlns=\"http:\/\/www.w3.org\/2000\/svg\"><path d=\"M416 208H32c-17.67 0-32 14.33-32 32v32c0 17.67 14.33 32 32 32h384c17.67 0 32-14.33 32-32v-32c0-17.67-14.33-32-32-32z\"><\/path><\/svg><\/span>\n\t\t\t\t\t\t\t\t\t\t\t\t\t\t<\/span>\n\t\t\t\t\t\t\t\t\t\t\t\t<a class=\"elementor-accordion-title\" tabindex=\"0\">\"Kommen Einsatzfahrzeuge noch durch?\"<\/a>\n\t\t\t\t\t<\/div>\n\t\t\t\t\t<div id=\"elementor-tab-content-2463\" class=\"elementor-tab-content elementor-clearfix\" data-tab=\"3\" role=\"region\" aria-labelledby=\"elementor-tab-title-2463\"><p>Wie \u00fcblich wurden die Pl\u00e4ne f\u00fcr den Umbau mit der Feuerwehr abgestimmt. Polizei und Rettungsdienst sind in der Regel dadurch mit abgedeckt.<\/p><p>Ber\u00fccksichtigt wurde dabei insbesondere, dass die Feuerwehr nahe genug an die H\u00e4user herankommt und Rettungsdienste schnell genug zum Unfallort gelangen k\u00f6nnen (zum Beispiel ist die zweistreifige Fahrbahn teilweise 7,5m breit, um das Ausweichen der Kfz und das Bilden einer Rettungsgasse zu erm\u00f6glichen).<\/p><\/div>\n\t\t\t\t<\/div>\n\t\t\t\t\t\t\t\t<\/div>\n\t\t\t\t\t\t<\/div>\n\t\t\t\t<\/div>\n\t\t\t\t\t<\/div>\n\t\t\t\t<\/div>\n\t\t\t\t<\/div>\n\t\t","protected":false},"excerpt":{"rendered":"<p>F\u00fcr die Wirtschaft In der Lindwurmstra\u00dfe reiht sich ein Laden an den n\u00e4chsten. Von der Eisdiele, dem Caf\u00e9 und dem Restaurant \u00fcber die Apotheke, die Friseurin und den Fahrradladen bis hin zum Drogerie- und Supermarkt l\u00e4sst sich hier alles finden. Der aktuelle Radweg soll k\u00fcnftig&#8230;<\/p>\n","protected":false},"author":5,"featured_media":0,"parent":0,"menu_order":0,"comment_status":"closed","ping_status":"closed","template":"","meta":{"footnotes":""},"class_list":["post-31","page","type-page","status-publish","hentry"],"_links":{"self":[{"href":"https:\/\/xn--lindwurmstraefralle-wtb52d.de\/index.php?rest_route=\/wp\/v2\/pages\/31","targetHints":{"allow":["GET"]}}],"collection":[{"href":"https:\/\/xn--lindwurmstraefralle-wtb52d.de\/index.php?rest_route=\/wp\/v2\/pages"}],"about":[{"href":"https:\/\/xn--lindwurmstraefralle-wtb52d.de\/index.php?rest_route=\/wp\/v2\/types\/page"}],"author":[{"embeddable":true,"href":"https:\/\/xn--lindwurmstraefralle-wtb52d.de\/index.php?rest_route=\/wp\/v2\/users\/5"}],"replies":[{"embeddable":true,"href":"https:\/\/xn--lindwurmstraefralle-wtb52d.de\/index.php?rest_route=%2Fwp%2Fv2%2Fcomments&post=31"}],"version-history":[{"count":62,"href":"https:\/\/xn--lindwurmstraefralle-wtb52d.de\/index.php?rest_route=\/wp\/v2\/pages\/31\/revisions"}],"predecessor-version":[{"id":1165,"href":"https:\/\/xn--lindwurmstraefralle-wtb52d.de\/index.php?rest_route=\/wp\/v2\/pages\/31\/revisions\/1165"}],"wp:attachment":[{"href":"https:\/\/xn--lindwurmstraefralle-wtb52d.de\/index.php?rest_route=%2Fwp%2Fv2%2Fmedia&parent=31"}],"curies":[{"name":"wp","href":"https:\/\/api.w.org\/{rel}","templated":true}]}}