{"id":33,"date":"2020-06-02T09:13:06","date_gmt":"2020-06-02T09:13:06","guid":{"rendered":"https:\/\/stockholm44.qodeinteractive.com\/?page_id=33"},"modified":"2024-03-23T10:14:24","modified_gmt":"2024-03-23T09:14:24","slug":"home","status":"publish","type":"page","link":"https:\/\/xn--lindwurmstraefralle-wtb52d.de\/","title":{"rendered":"Home"},"content":{"rendered":"\t\t<div data-elementor-type=\"wp-page\" data-elementor-id=\"33\" class=\"elementor elementor-33\">\n\t\t\t\t\t\t<section class=\"elementor-section elementor-top-section elementor-element elementor-element-a428eb4 elementor-section-full_width elementor-section-stretched elementor-section-height-default elementor-section-height-default parallax_section_no qode_elementor_container_no qode-content-aligment-left\" data-id=\"a428eb4\" data-element_type=\"section\" data-e-type=\"section\" data-settings=\"{&quot;background_background&quot;:&quot;classic&quot;,&quot;stretch_section&quot;:&quot;section-stretched&quot;}\">\n\t\t\t\t\t\t<div class=\"elementor-container elementor-column-gap-default\">\n\t\t\t\t\t<div class=\"elementor-column elementor-col-50 elementor-top-column elementor-element elementor-element-ae83749\" data-id=\"ae83749\" data-element_type=\"column\" data-e-type=\"column\" data-settings=\"{&quot;background_background&quot;:&quot;classic&quot;}\">\n\t\t\t<div class=\"elementor-widget-wrap elementor-element-populated\">\n\t\t\t\t\t\t<div class=\"elementor-element elementor-element-ac73068 elementor-widget__width-initial elementor-widget elementor-widget-text-editor\" data-id=\"ac73068\" data-element_type=\"widget\" data-e-type=\"widget\" data-widget_type=\"text-editor.default\">\n\t\t\t\t<div class=\"elementor-widget-container\">\n\t\t\t\t\t\t\t\t\t<h2><span style=\"color: #000000;\">Wo bleibt der Umbau der Lindwurmstra\u00dfe?!<\/span><\/h2>\t\t\t\t\t\t\t\t<\/div>\n\t\t\t\t<\/div>\n\t\t\t\t\t<\/div>\n\t\t<\/div>\n\t\t\t\t<div class=\"elementor-column elementor-col-66 elementor-top-column elementor-element elementor-element-079cd00\" data-id=\"079cd00\" data-element_type=\"column\" data-e-type=\"column\">\n\t\t\t<div class=\"elementor-widget-wrap elementor-element-populated\">\n\t\t\t\t\t\t<div class=\"elementor-element elementor-element-e0f9949 elementor-widget__width-initial elementor-widget elementor-widget-image\" data-id=\"e0f9949\" data-element_type=\"widget\" data-e-type=\"widget\" data-widget_type=\"image.default\">\n\t\t\t\t<div class=\"elementor-widget-container\">\n\t\t\t\t\t\t\t\t\t\t\t\t\t\t\t\t<a href=\"https:\/\/xn--lindwurmstraefralle-wtb52d.de\/wp-content\/uploads\/2024\/02\/IMG_8474-scaled.jpg\" data-elementor-open-lightbox=\"yes\" data-elementor-lightbox-title=\"Blick auf die Lindwurmstra\u00dfe\" data-e-action-hash=\"#elementor-action%3Aaction%3Dlightbox%26settings%3DeyJpZCI6ODAyLCJ1cmwiOiJodHRwczpcL1wveG4tLWxpbmR3dXJtc3RyYWVmcmFsbGUtd3RiNTJkLmRlXC93cC1jb250ZW50XC91cGxvYWRzXC8yMDI0XC8wMlwvSU1HXzg0NzQtc2NhbGVkLmpwZyJ9\">\n\t\t\t\t\t\t\t<img fetchpriority=\"high\" decoding=\"async\" width=\"2560\" height=\"1707\" src=\"https:\/\/xn--lindwurmstraefralle-wtb52d.de\/wp-content\/uploads\/2024\/02\/IMG_8474-scaled.jpg\" class=\"attachment-full size-full wp-image-802\" alt=\"\" srcset=\"https:\/\/xn--lindwurmstraefralle-wtb52d.de\/wp-content\/uploads\/2024\/02\/IMG_8474-scaled.jpg 2560w, https:\/\/xn--lindwurmstraefralle-wtb52d.de\/wp-content\/uploads\/2024\/02\/IMG_8474-300x200.jpg 300w, https:\/\/xn--lindwurmstraefralle-wtb52d.de\/wp-content\/uploads\/2024\/02\/IMG_8474-1024x683.jpg 1024w, https:\/\/xn--lindwurmstraefralle-wtb52d.de\/wp-content\/uploads\/2024\/02\/IMG_8474-768x512.jpg 768w, https:\/\/xn--lindwurmstraefralle-wtb52d.de\/wp-content\/uploads\/2024\/02\/IMG_8474-1536x1024.jpg 1536w, https:\/\/xn--lindwurmstraefralle-wtb52d.de\/wp-content\/uploads\/2024\/02\/IMG_8474-2048x1365.jpg 2048w, https:\/\/xn--lindwurmstraefralle-wtb52d.de\/wp-content\/uploads\/2024\/02\/IMG_8474-700x467.jpg 700w, https:\/\/xn--lindwurmstraefralle-wtb52d.de\/wp-content\/uploads\/2024\/02\/IMG_8474-1100x733.jpg 1100w\" sizes=\"(max-width: 2560px) 100vw, 2560px\" \/>\t\t\t\t\t\t\t\t<\/a>\n\t\t\t\t\t\t\t\t\t\t\t\t\t\t\t<\/div>\n\t\t\t\t<\/div>\n\t\t\t\t\t<\/div>\n\t\t<\/div>\n\t\t\t\t\t<\/div>\n\t\t<\/section>\n\t\t<div class=\"elementor-element elementor-element-f4b15fc e-flex e-con-boxed e-con e-parent\" data-id=\"f4b15fc\" data-element_type=\"container\" data-e-type=\"container\">\n\t\t\t\t\t<div class=\"e-con-inner\">\n\t\t\t\t<div class=\"elementor-element elementor-element-639d4ee elementor-widget elementor-widget-spacer\" data-id=\"639d4ee\" data-element_type=\"widget\" data-e-type=\"widget\" data-widget_type=\"spacer.default\">\n\t\t\t\t<div class=\"elementor-widget-container\">\n\t\t\t\t\t\t\t<div class=\"elementor-spacer\">\n\t\t\t<div class=\"elementor-spacer-inner\"><\/div>\n\t\t<\/div>\n\t\t\t\t\t\t<\/div>\n\t\t\t\t<\/div>\n\t\t\t\t\t<\/div>\n\t\t\t\t<\/div>\n\t\t<div class=\"elementor-element elementor-element-82e9137 e-flex e-con-boxed e-con e-parent\" data-id=\"82e9137\" data-element_type=\"container\" data-e-type=\"container\">\n\t\t\t\t\t<div class=\"e-con-inner\">\n\t\t\t\t<div class=\"elementor-element elementor-element-fb221be elementor-widget elementor-widget-text-editor\" data-id=\"fb221be\" data-element_type=\"widget\" data-e-type=\"widget\" data-widget_type=\"text-editor.default\">\n\t\t\t\t<div class=\"elementor-widget-container\">\n\t\t\t\t\t\t\t\t\t<h4><span style=\"color: #6ec1e4;\">Die Zahlen sind eindeutig: <\/span>immer mehr Radfahrer*innen und Fu\u00dfg\u00e4nger*innen nutzen die Lindwurmstra\u00dfe \u2013 w\u00e4hrend der Autoverkehr stetig abnimmt:<\/h4>\t\t\t\t\t\t\t\t<\/div>\n\t\t\t\t<\/div>\n\t\t\t\t\t<\/div>\n\t\t\t\t<\/div>\n\t\t<div class=\"elementor-element elementor-element-b035bec e-con-full e-flex e-con e-parent\" data-id=\"b035bec\" data-element_type=\"container\" data-e-type=\"container\">\n\t\t<div class=\"elementor-element elementor-element-e8db0f2 e-con-full e-flex e-con e-child\" data-id=\"e8db0f2\" data-element_type=\"container\" data-e-type=\"container\">\n\t\t\t\t<div class=\"elementor-element elementor-element-9aecc31 elementor-widget elementor-widget-counter\" data-id=\"9aecc31\" data-element_type=\"widget\" data-e-type=\"widget\" data-widget_type=\"counter.default\">\n\t\t\t\t<div class=\"elementor-widget-container\">\n\t\t\t\t\t<div class=\"q_counter_holder  center\" style=\"\"><span class=\"counter  zero\" style=\"color: #E4C1A2;font-size: 70px;font-weight: 500;\">9300<\/span><p class=\"counter_text\" style=\"font-size: 20px;font-weight: 600;color: #1E1E1E;\">Radfahrer*innen<\/p><\/div>\t\t\t\t<\/div>\n\t\t\t\t<\/div>\n\t\t\t\t<div class=\"elementor-element elementor-element-02c6f90 elementor-widget elementor-widget-text-editor\" data-id=\"02c6f90\" data-element_type=\"widget\" data-e-type=\"widget\" data-widget_type=\"text-editor.default\">\n\t\t\t\t<div class=\"elementor-widget-container\">\n\t\t\t\t\t\t\t\t\t<p><strong>T\u00e4glich<\/strong> auf der Lindwurmstra\u00dfe<\/p>\t\t\t\t\t\t\t\t<\/div>\n\t\t\t\t<\/div>\n\t\t\t\t<\/div>\n\t\t<div class=\"elementor-element elementor-element-da237a9 e-con-full e-flex e-con e-child\" data-id=\"da237a9\" data-element_type=\"container\" data-e-type=\"container\">\n\t\t\t\t<div class=\"elementor-element elementor-element-5a22064 elementor-widget elementor-widget-counter\" data-id=\"5a22064\" data-element_type=\"widget\" data-e-type=\"widget\" data-widget_type=\"counter.default\">\n\t\t\t\t<div class=\"elementor-widget-container\">\n\t\t\t\t\t<div class=\"q_counter_holder  center\" style=\"\"><span class=\"counter  zero\" style=\"color: #E4C1A2;font-size: 70px;font-weight: 500;\">70<\/span><p class=\"counter_text\" style=\"font-size: 20px;font-weight: 600;color: #1E1E1E;\">Prozent<\/p><\/div>\t\t\t\t<\/div>\n\t\t\t\t<\/div>\n\t\t\t\t<div class=\"elementor-element elementor-element-a82f8c5 elementor-widget elementor-widget-text-editor\" data-id=\"a82f8c5\" data-element_type=\"widget\" data-e-type=\"widget\" data-widget_type=\"text-editor.default\">\n\t\t\t\t<div class=\"elementor-widget-container\">\n\t\t\t\t\t\t\t\t\t<p><strong>Mehr<\/strong> Radverkehr seit 2011<\/p>\t\t\t\t\t\t\t\t<\/div>\n\t\t\t\t<\/div>\n\t\t\t\t<\/div>\n\t\t<div class=\"elementor-element elementor-element-bbe13ee e-con-full e-flex e-con e-child\" data-id=\"bbe13ee\" data-element_type=\"container\" data-e-type=\"container\">\n\t\t\t\t<div class=\"elementor-element elementor-element-61cc7c1 elementor-widget elementor-widget-counter\" data-id=\"61cc7c1\" data-element_type=\"widget\" data-e-type=\"widget\" data-widget_type=\"counter.default\">\n\t\t\t\t<div class=\"elementor-widget-container\">\n\t\t\t\t\t<div class=\"q_counter_holder  center\" style=\"\"><span class=\"counter  zero\" style=\"color: #E4C1A2;font-size: 70px;font-weight: 500;\">35<\/span><p class=\"counter_text\" style=\"font-size: 20px;font-weight: 600;color: #1E1E1E;\">Prozent<\/p><\/div>\t\t\t\t<\/div>\n\t\t\t\t<\/div>\n\t\t\t\t<div class=\"elementor-element elementor-element-f0780df elementor-widget elementor-widget-text-editor\" data-id=\"f0780df\" data-element_type=\"widget\" data-e-type=\"widget\" data-widget_type=\"text-editor.default\">\n\t\t\t\t<div class=\"elementor-widget-container\">\n\t\t\t\t\t\t\t\t\t<p><strong>Weniger<\/strong> Autoverkehr seit 2011<\/p>\t\t\t\t\t\t\t\t<\/div>\n\t\t\t\t<\/div>\n\t\t\t\t<\/div>\n\t\t\t\t<\/div>\n\t\t<div class=\"elementor-element elementor-element-22e395b e-flex e-con-boxed e-con e-parent\" data-id=\"22e395b\" data-element_type=\"container\" data-e-type=\"container\">\n\t\t\t\t\t<div class=\"e-con-inner\">\n\t\t\t\t<div class=\"elementor-element elementor-element-295abd3 elementor-invisible elementor-widget elementor-widget-heading\" data-id=\"295abd3\" data-element_type=\"widget\" data-e-type=\"widget\" data-settings=\"{&quot;_animation&quot;:&quot;fadeInUp&quot;}\" data-widget_type=\"heading.default\">\n\t\t\t\t<div class=\"elementor-widget-container\">\n\t\t\t\t\t<h2 class=\"elementor-heading-title elementor-size-default\">Worum geht es?<\/h2>\t\t\t\t<\/div>\n\t\t\t\t<\/div>\n\t\t<div class=\"elementor-element elementor-element-b4239ea e-con-full e-flex e-con e-child\" data-id=\"b4239ea\" data-element_type=\"container\" data-e-type=\"container\" data-settings=\"{&quot;background_background&quot;:&quot;classic&quot;}\">\n\t\t\t\t<div class=\"elementor-element elementor-element-99c7de4 elementor-widget elementor-widget-text-editor\" data-id=\"99c7de4\" data-element_type=\"widget\" data-e-type=\"widget\" data-widget_type=\"text-editor.default\">\n\t\t\t\t<div class=\"elementor-widget-container\">\n\t\t\t\t\t\t\t\t\t<p>Eigentlich liegt es auf der Hand: <strong>Die Lindwurmstra\u00dfe braucht mehr Platz f\u00fcr Radfahrer*innen und Fu\u00dfg\u00e4nger*innen.<\/strong><\/p><p>Denn die Lindwurm ist nicht nur ein Ausdruck der autogerechten Stadt, sie ist auch ein Unfallschwerpunkt.<\/p><p>Zugleich ergaben Datenz\u00e4hlungen, dass der Radverkehr von 2011 bis 2020 um 70 Prozent gestiegen und der Autoverkehr um 30 Prozent gesunken ist.<\/p><p>Deshalb ist es nicht mehr zeitgem\u00e4\u00df, dass dem Autoverkehr vier Fahrspuren und zwei Parkspuren zur Verf\u00fcgung stehen, w\u00e4hrend Rad-\u00a0 und\u00a0 Fu\u00dfverkehr sich eine viel zu enge Fl\u00e4che teilen, auf der es st\u00e4ndig zu Konflikten kommt.<\/p><p>Das M\u00fcnchner Mobilit\u00e4tsreferat (MOR) hat im Sommer 2023 einen Entwurf vorgelegt, der den neuen Gegebenheiten Rechnung tr\u00e4gt: <strong>eine Fahrspur der Autos kommt weg<\/strong>, daf\u00fcr bekommen <strong>Radfahrende einen gesch\u00fctzten Radweg<\/strong>. <strong>Die Fu\u00dfwege werden verbreitert<\/strong> und die <strong>Gewerbetreibenden erhalten Lieferzonen<\/strong>, die nach ihren Bed\u00fcrfnissen ma\u00dfgeschneidert sind. <strong>Nach 20 Uhr k\u00f6nnen dort dann wieder die Anwohner parken<\/strong>. Und die Gastro h\u00e4tte sogar Platz f\u00fcr Freischankfl\u00e4chen.<\/p><p><strong>Win-Win-Win-Win k\u00f6nnte man also meinen<\/strong> \u2013 wenn nur nicht der Umbau im Januar 2024\u00a0 vom M\u00fcnchner Oberb\u00fcrgermeister Dieter Reiter h\u00f6chst pers\u00f6nlich unerwartet von der Tagesordnung genommen worden w\u00e4re!<\/p>\t\t\t\t\t\t\t\t<\/div>\n\t\t\t\t<\/div>\n\t\t\t\t<\/div>\n\t\t\t\t\t<\/div>\n\t\t\t\t<\/div>\n\t\t<div class=\"elementor-element elementor-element-f342ad3 e-flex e-con-boxed e-con e-parent\" data-id=\"f342ad3\" data-element_type=\"container\" data-e-type=\"container\">\n\t\t\t\t\t<div class=\"e-con-inner\">\n\t\t\t\t<div class=\"elementor-element elementor-element-4d6b7a5 elementor-invisible elementor-widget elementor-widget-heading\" data-id=\"4d6b7a5\" data-element_type=\"widget\" data-e-type=\"widget\" data-settings=\"{&quot;_animation&quot;:&quot;fadeInUp&quot;}\" data-widget_type=\"heading.default\">\n\t\t\t\t<div class=\"elementor-widget-container\">\n\t\t\t\t\t<h2 class=\"elementor-heading-title elementor-size-default\">Wer wir sind<\/h2>\t\t\t\t<\/div>\n\t\t\t\t<\/div>\n\t\t<div class=\"elementor-element elementor-element-3726cbe e-con-full e-flex e-con e-child\" data-id=\"3726cbe\" data-element_type=\"container\" data-e-type=\"container\" data-settings=\"{&quot;background_background&quot;:&quot;classic&quot;}\">\n\t\t\t\t<div class=\"elementor-element elementor-element-955b031 elementor-widget__width-initial elementor-widget elementor-widget-text-editor\" data-id=\"955b031\" data-element_type=\"widget\" data-e-type=\"widget\" data-widget_type=\"text-editor.default\">\n\t\t\t\t<div class=\"elementor-widget-container\">\n\t\t\t\t\t\t\t\t\t<p><em><strong>&#8222;Lindwurmstra\u00dfe f\u00fcr alle&#8220;\u00a0<\/strong><\/em> ist ein <strong>B\u00fcndnis aus \u00fcber 180 B\u00fcrger*innen<\/strong>, die sich in politischen Gremien und der Presse f\u00fcr den Umbau engagieren.<\/p><p>Wir sind <strong>Anwohner*innen<\/strong>, die darauf warten, dass die Lindwurmstra\u00dfe endlich eine zeitgem\u00e4\u00dfe Infrastruktur bekommt.<\/p><p><strong>Nachbar*innen<\/strong>, die t\u00e4glich mit ansehen, wie es zu tats\u00e4chlichen Kollisionen oder Gerade-noch-Gl\u00fcck-gehabt-Situationen auf den Fu\u00df- und Radwegen kommt.<\/p><p><strong>Eltern<\/strong>, die den Verkehr in M\u00fcnchen mit gro\u00dfer Sorge sehen \u2013 auf den Schulwegen im Allgemeinen und in der Lindwurmstra\u00dfe ganz besonders.<\/p><p><strong>Schulkinder<\/strong>, die dringend darauf warten, dass auch ihre Belange im Verkehr ernst genommen werden.<\/p><p><strong>Gewerbetreibende,\u00a0<\/strong>die sich Verkehrssicherheit f\u00fcr Passant*innen und Kund*innen und eine Aufwertung ihres Gesch\u00e4ftsumfeldes w\u00fcnschen.<\/p><p>Darum ist uns allen die <strong>schnellstm\u00f6gliche<\/strong> Umsetzung der vorgesehenen Interimsl\u00f6sung zwischen Goetheplatz und Sendlinger Tor ein besonderes Anliegen.<\/p>\t\t\t\t\t\t\t\t<\/div>\n\t\t\t\t<\/div>\n\t\t\t\t<\/div>\n\t\t\t\t\t<\/div>\n\t\t\t\t<\/div>\n\t\t<div class=\"elementor-element elementor-element-a52e2bd e-flex e-con-boxed e-con e-parent\" data-id=\"a52e2bd\" data-element_type=\"container\" data-e-type=\"container\">\n\t\t\t\t\t<div class=\"e-con-inner\">\n\t\t\t\t<div class=\"elementor-element elementor-element-11b46b4 elementor-invisible elementor-widget elementor-widget-heading\" data-id=\"11b46b4\" data-element_type=\"widget\" data-e-type=\"widget\" data-settings=\"{&quot;_animation&quot;:&quot;fadeInUp&quot;}\" data-widget_type=\"heading.default\">\n\t\t\t\t<div class=\"elementor-widget-container\">\n\t\t\t\t\t<h2 class=\"elementor-heading-title elementor-size-default\">Unsere Forderungen<\/h2>\t\t\t\t<\/div>\n\t\t\t\t<\/div>\n\t\t<div class=\"elementor-element elementor-element-4049949 e-flex e-con-boxed e-con e-child\" data-id=\"4049949\" data-element_type=\"container\" data-e-type=\"container\" data-settings=\"{&quot;background_background&quot;:&quot;classic&quot;}\">\n\t\t\t\t\t<div class=\"e-con-inner\">\n\t\t\t\t<div class=\"elementor-element elementor-element-862687f elementor-drop-cap-yes elementor-drop-cap-view-default elementor-widget elementor-widget-text-editor\" data-id=\"862687f\" data-element_type=\"widget\" data-e-type=\"widget\" data-settings=\"{&quot;drop_cap&quot;:&quot;yes&quot;}\" data-widget_type=\"text-editor.default\">\n\t\t\t\t<div class=\"elementor-widget-container\">\n\t\t\t\t\t\t\t\t\t<p>1Wir m\u00f6chten, dass die vom Mobilit\u00e4tsreferat (MOR) der Stadt M\u00fcnchen \u00f6ffentlich vorgestellten Umbauten der Lindwurmstra\u00dfe <strong>schnellstm\u00f6glich<\/strong> und wie geplant bis sp\u00e4testens 2028 umgesetzt werden.<\/p>\t\t\t\t\t\t\t\t<\/div>\n\t\t\t\t<\/div>\n\t\t\t\t<div class=\"elementor-element elementor-element-8112975 elementor-drop-cap-yes elementor-drop-cap-view-default elementor-widget elementor-widget-text-editor\" data-id=\"8112975\" data-element_type=\"widget\" data-e-type=\"widget\" data-settings=\"{&quot;drop_cap&quot;:&quot;yes&quot;}\" data-widget_type=\"text-editor.default\">\n\t\t\t\t<div class=\"elementor-widget-container\">\n\t\t\t\t\t\t\t\t\t<p>2Wir fordern die ebenfalls geplante <strong>Interimsl\u00f6sung<\/strong> zwischen Goetheplatz und Sendlinger Tor bis zum finalen Umbau als <b>gesch\u00fctzten Radfahrstreifen<\/b> (&#8222;Protected Bikelane&#8220;)\u00a0 \u2013\u00a0 ohne weitere Verz\u00f6gerungen, also m\u00f6glichst schon 2025. Diese Abmarkierungen k\u00f6nnen kurzfristig und flexibel umgesetzt und gegebenenfalls nachkorrigiert werden und dienen dem sofortigen Schutz der Radfahr*innen und Fu\u00dfg\u00e4nger*innen. Jeder Tag, an dem die Lindwurm nicht umgebaut wird, ist ein Tag, an dem schreckliche Unf\u00e4lle passieren k\u00f6nnen \u2013 und auch werden.<\/p>\t\t\t\t\t\t\t\t<\/div>\n\t\t\t\t<\/div>\n\t\t\t\t<div class=\"elementor-element elementor-element-a1a0d98 elementor-drop-cap-yes elementor-drop-cap-view-default elementor-widget elementor-widget-text-editor\" data-id=\"a1a0d98\" data-element_type=\"widget\" data-e-type=\"widget\" data-settings=\"{&quot;drop_cap&quot;:&quot;yes&quot;}\" data-widget_type=\"text-editor.default\">\n\t\t\t\t<div class=\"elementor-widget-container\">\n\t\t\t\t\t\t\t\t\t<p>3Wir fordern, dass die <strong>Lieferzonen <\/strong>nach dem Umbau konsequent f\u00fcr Gewerbetreibenden nutzbar und frei gehalten werden, sodass der Wirtschaftsverkehr sicher, zuverl\u00e4ssig und effizient abgewickelt werden kann. Lieferzonen sind ein wichtiger Beitrag zur Verkehrssicherheit und zur Verkehrswende, deren Freihaltung endlich von Polizei und Verwaltung konsequent geahndet werden muss.<\/p>\t\t\t\t\t\t\t\t<\/div>\n\t\t\t\t<\/div>\n\t\t\t\t<div class=\"elementor-element elementor-element-bc58073 elementor-drop-cap-yes elementor-drop-cap-view-default elementor-widget elementor-widget-text-editor\" data-id=\"bc58073\" data-element_type=\"widget\" data-e-type=\"widget\" data-settings=\"{&quot;drop_cap&quot;:&quot;yes&quot;}\" data-widget_type=\"text-editor.default\">\n\t\t\t\t<div class=\"elementor-widget-container\">\n\t\t\t\t\t\t\t\t\t<p>4Wir fordern die <strong>Aufhebung der Radwegpflicht <\/strong>in der Lindwurmstra\u00dfe ab der Aberlestra\u00dfe, bis der Umbau der Lindwurmstra\u00dfe abgeschlossen ist. So k\u00f6nnten Radfahrende, die sich sicher f\u00fchlen und schnell fahren m\u00f6chten, die Situation auf dem schmalen Radweg entlasten.<\/p>\t\t\t\t\t\t\t\t<\/div>\n\t\t\t\t<\/div>\n\t\t\t\t\t<\/div>\n\t\t\t\t<\/div>\n\t\t\t\t\t<\/div>\n\t\t\t\t<\/div>\n\t\t<div class=\"elementor-element elementor-element-9805308 e-flex e-con-boxed e-con e-parent\" data-id=\"9805308\" data-element_type=\"container\" data-e-type=\"container\">\n\t\t\t\t\t<div class=\"e-con-inner\">\n\t\t<div class=\"elementor-element elementor-element-e56b7f7 e-con-full e-flex e-con e-child\" data-id=\"e56b7f7\" data-element_type=\"container\" data-e-type=\"container\">\n\t\t\t\t<div class=\"elementor-element elementor-element-a654d66 elementor-widget elementor-widget-button\" data-id=\"a654d66\" data-element_type=\"widget\" data-e-type=\"widget\" data-widget_type=\"button.default\">\n\t\t\t\t<div class=\"elementor-widget-container\">\n\t\t\t\t\t\t\t\t\t<div class=\"elementor-button-wrapper\">\n\t\t\t\t\t<a class=\"elementor-button elementor-button-link elementor-size-sm\" href=\"https:\/\/lindwurmstra\u00dfef\u00fcralle.de\/?page_id=31\">\n\t\t\t\t\t\t<span class=\"elementor-button-content-wrapper\">\n\t\t\t\t\t\t\t\t\t<span class=\"elementor-button-text\">Unsere Gr\u00fcnde im Detail<\/span>\n\t\t\t\t\t<\/span>\n\t\t\t\t\t<\/a>\n\t\t\t\t<\/div>\n\t\t\t\t\t\t\t\t<\/div>\n\t\t\t\t<\/div>\n\t\t\t\t<\/div>\n\t\t\t\t\t<\/div>\n\t\t\t\t<\/div>\n\t\t<div class=\"elementor-element elementor-element-2a1f292 e-flex e-con-boxed e-con e-parent\" data-id=\"2a1f292\" data-element_type=\"container\" data-e-type=\"container\">\n\t\t\t\t\t<div class=\"e-con-inner\">\n\t\t\t\t<div class=\"elementor-element elementor-element-1f7cdef elementor-invisible elementor-widget elementor-widget-heading\" data-id=\"1f7cdef\" data-element_type=\"widget\" data-e-type=\"widget\" data-settings=\"{&quot;_animation&quot;:&quot;fadeInUp&quot;}\" data-widget_type=\"heading.default\">\n\t\t\t\t<div class=\"elementor-widget-container\">\n\t\t\t\t\t<h2 class=\"elementor-heading-title elementor-size-default\">Planung des Mobilit\u00e4tsreferats<\/h2>\t\t\t\t<\/div>\n\t\t\t\t<\/div>\n\t\t\t\t\t<\/div>\n\t\t\t\t<\/div>\n\t\t\t\t<section class=\"elementor-section elementor-top-section elementor-element elementor-element-fb71030 qode_elementor_container_inner elementor-section-content-top elementor-section-boxed elementor-section-height-default elementor-section-height-default parallax_section_no qode-content-aligment-left elementor-invisible\" data-id=\"fb71030\" data-element_type=\"section\" data-e-type=\"section\" data-settings=\"{&quot;animation&quot;:&quot;fadeIn&quot;}\">\n\t\t\t\t\t\t\t<div class=\"elementor-background-overlay\"><\/div>\n\t\t\t\t\t\t\t<div class=\"elementor-container elementor-column-gap-default\">\n\t\t\t\t\t<div class=\"elementor-column elementor-col-50 elementor-top-column elementor-element elementor-element-d8636b8\" data-id=\"d8636b8\" data-element_type=\"column\" data-e-type=\"column\">\n\t\t\t<div class=\"elementor-widget-wrap elementor-element-populated\">\n\t\t\t\t\t\t<div class=\"elementor-element elementor-element-3d6d73b elementor-widget elementor-widget-image\" data-id=\"3d6d73b\" data-element_type=\"widget\" data-e-type=\"widget\" data-widget_type=\"image.default\">\n\t\t\t\t<div class=\"elementor-widget-container\">\n\t\t\t\t\t\t\t\t\t\t\t\t\t\t\t<img decoding=\"async\" width=\"1326\" height=\"1008\" src=\"https:\/\/xn--lindwurmstraefralle-wtb52d.de\/wp-content\/uploads\/2024\/03\/Bildschirmfoto-2024-03-02-um-11.44.19.png\" class=\"attachment-full size-full wp-image-862\" alt=\"\" srcset=\"https:\/\/xn--lindwurmstraefralle-wtb52d.de\/wp-content\/uploads\/2024\/03\/Bildschirmfoto-2024-03-02-um-11.44.19.png 1326w, https:\/\/xn--lindwurmstraefralle-wtb52d.de\/wp-content\/uploads\/2024\/03\/Bildschirmfoto-2024-03-02-um-11.44.19-300x228.png 300w, https:\/\/xn--lindwurmstraefralle-wtb52d.de\/wp-content\/uploads\/2024\/03\/Bildschirmfoto-2024-03-02-um-11.44.19-1024x778.png 1024w, https:\/\/xn--lindwurmstraefralle-wtb52d.de\/wp-content\/uploads\/2024\/03\/Bildschirmfoto-2024-03-02-um-11.44.19-768x584.png 768w, https:\/\/xn--lindwurmstraefralle-wtb52d.de\/wp-content\/uploads\/2024\/03\/Bildschirmfoto-2024-03-02-um-11.44.19-700x532.png 700w, https:\/\/xn--lindwurmstraefralle-wtb52d.de\/wp-content\/uploads\/2024\/03\/Bildschirmfoto-2024-03-02-um-11.44.19-1100x836.png 1100w\" sizes=\"(max-width: 1326px) 100vw, 1326px\" \/>\t\t\t\t\t\t\t\t\t\t\t\t\t\t\t<\/div>\n\t\t\t\t<\/div>\n\t\t\t\t\t<\/div>\n\t\t<\/div>\n\t\t\t\t<div class=\"elementor-column elementor-col-50 elementor-top-column elementor-element elementor-element-be628fd\" data-id=\"be628fd\" data-element_type=\"column\" data-e-type=\"column\" data-settings=\"{&quot;background_background&quot;:&quot;classic&quot;}\">\n\t\t\t<div class=\"elementor-widget-wrap elementor-element-populated\">\n\t\t\t\t\t\t<div class=\"elementor-element elementor-element-c7cb88d elementor-widget elementor-widget-text-editor\" data-id=\"c7cb88d\" data-element_type=\"widget\" data-e-type=\"widget\" data-widget_type=\"text-editor.default\">\n\t\t\t\t<div class=\"elementor-widget-container\">\n\t\t\t\t\t\t\t\t\t<h2>Ziele der Umgestaltung<\/h2>\t\t\t\t\t\t\t\t<\/div>\n\t\t\t\t<\/div>\n\t\t\t\t<div class=\"elementor-element elementor-element-f975916 elementor-widget__width-initial elementor-widget elementor-widget-text-editor\" data-id=\"f975916\" data-element_type=\"widget\" data-e-type=\"widget\" data-widget_type=\"text-editor.default\">\n\t\t\t\t<div class=\"elementor-widget-container\">\n\t\t\t\t\t\t\t\t\t<ul><li>Erhalt durchgehend<br \/>stra\u00dfenbegleitende Baumreihen<\/li><li>Bauliche Radwege<br \/>=&gt; Erh\u00f6hung der Verkehrssicherheit<br \/>durch Trennung Rad- und Fu\u00dfverkehr<\/li><li>Lieferzonen \/ Parkbereiche<br \/>pro Stra\u00dfenabschnitt<\/li><\/ul>\t\t\t\t\t\t\t\t<\/div>\n\t\t\t\t<\/div>\n\t\t\t\t\t<\/div>\n\t\t<\/div>\n\t\t\t\t\t<\/div>\n\t\t<\/section>\n\t\t<div class=\"elementor-element elementor-element-90fbb20 e-flex e-con-boxed e-con e-parent\" data-id=\"90fbb20\" data-element_type=\"container\" data-e-type=\"container\">\n\t\t\t\t\t<div class=\"e-con-inner\">\n\t\t\t\t<div class=\"elementor-element elementor-element-9c08159 elementor-widget elementor-widget-spacer\" data-id=\"9c08159\" data-element_type=\"widget\" data-e-type=\"widget\" data-widget_type=\"spacer.default\">\n\t\t\t\t<div class=\"elementor-widget-container\">\n\t\t\t\t\t\t\t<div class=\"elementor-spacer\">\n\t\t\t<div class=\"elementor-spacer-inner\"><\/div>\n\t\t<\/div>\n\t\t\t\t\t\t<\/div>\n\t\t\t\t<\/div>\n\t\t\t\t\t<\/div>\n\t\t\t\t<\/div>\n\t\t\t\t<section class=\"elementor-section elementor-top-section elementor-element elementor-element-1b451ea qode_elementor_container_inner elementor-section-content-top elementor-section-boxed elementor-section-height-default elementor-section-height-default parallax_section_no qode-content-aligment-left elementor-invisible\" data-id=\"1b451ea\" data-element_type=\"section\" data-e-type=\"section\" data-settings=\"{&quot;animation&quot;:&quot;fadeIn&quot;}\">\n\t\t\t\t\t\t\t<div class=\"elementor-background-overlay\"><\/div>\n\t\t\t\t\t\t\t<div class=\"elementor-container elementor-column-gap-default\">\n\t\t\t\t\t<div class=\"elementor-column elementor-col-50 elementor-top-column elementor-element elementor-element-1e563fb\" data-id=\"1e563fb\" data-element_type=\"column\" data-e-type=\"column\">\n\t\t\t<div class=\"elementor-widget-wrap elementor-element-populated\">\n\t\t\t\t\t\t<div class=\"elementor-element elementor-element-6fef5fc elementor-widget elementor-widget-image\" data-id=\"6fef5fc\" data-element_type=\"widget\" data-e-type=\"widget\" data-widget_type=\"image.default\">\n\t\t\t\t<div class=\"elementor-widget-container\">\n\t\t\t\t\t\t\t\t\t\t\t\t\t\t\t<img decoding=\"async\" width=\"1915\" height=\"1482\" src=\"https:\/\/xn--lindwurmstraefralle-wtb52d.de\/wp-content\/uploads\/2024\/03\/Problemstelle.jpg\" class=\"attachment-full size-full wp-image-1110\" alt=\"\" srcset=\"https:\/\/xn--lindwurmstraefralle-wtb52d.de\/wp-content\/uploads\/2024\/03\/Problemstelle.jpg 1915w, https:\/\/xn--lindwurmstraefralle-wtb52d.de\/wp-content\/uploads\/2024\/03\/Problemstelle-300x232.jpg 300w, https:\/\/xn--lindwurmstraefralle-wtb52d.de\/wp-content\/uploads\/2024\/03\/Problemstelle-1024x792.jpg 1024w, https:\/\/xn--lindwurmstraefralle-wtb52d.de\/wp-content\/uploads\/2024\/03\/Problemstelle-768x594.jpg 768w, https:\/\/xn--lindwurmstraefralle-wtb52d.de\/wp-content\/uploads\/2024\/03\/Problemstelle-1536x1189.jpg 1536w, https:\/\/xn--lindwurmstraefralle-wtb52d.de\/wp-content\/uploads\/2024\/03\/Problemstelle-700x542.jpg 700w, https:\/\/xn--lindwurmstraefralle-wtb52d.de\/wp-content\/uploads\/2024\/03\/Problemstelle-1100x851.jpg 1100w\" sizes=\"(max-width: 1915px) 100vw, 1915px\" \/>\t\t\t\t\t\t\t\t\t\t\t\t\t\t\t<\/div>\n\t\t\t\t<\/div>\n\t\t\t\t\t<\/div>\n\t\t<\/div>\n\t\t\t\t<div class=\"elementor-column elementor-col-50 elementor-top-column elementor-element elementor-element-31765f2\" data-id=\"31765f2\" data-element_type=\"column\" data-e-type=\"column\" data-settings=\"{&quot;background_background&quot;:&quot;classic&quot;}\">\n\t\t\t<div class=\"elementor-widget-wrap elementor-element-populated\">\n\t\t\t\t\t\t<div class=\"elementor-element elementor-element-b6e6818 elementor-widget elementor-widget-text-editor\" data-id=\"b6e6818\" data-element_type=\"widget\" data-e-type=\"widget\" data-widget_type=\"text-editor.default\">\n\t\t\t\t<div class=\"elementor-widget-container\">\n\t\t\t\t\t\t\t\t\t<h2>Was ist denn nun das Problem?<\/h2>\t\t\t\t\t\t\t\t<\/div>\n\t\t\t\t<\/div>\n\t\t\t\t<div class=\"elementor-element elementor-element-140f2f1 elementor-widget__width-initial elementor-widget elementor-widget-text-editor\" data-id=\"140f2f1\" data-element_type=\"widget\" data-e-type=\"widget\" data-widget_type=\"text-editor.default\">\n\t\t\t\t<div class=\"elementor-widget-container\">\n\t\t\t\t\t\t\t\t\t<ul><li>schmale bis sehr schmale Radwege, teilweise in sehr schlechtem baulichem Zustand<\/li><li>Radfahrer*innen f\u00fcr Rechtsabbiegende schwer sichtbar<\/li><li>hohes Fu\u00dfg\u00e4ngeraufkommen<\/li><li>wenig Platz f\u00fcr Radfahrer*innen und Fu\u00dfg\u00e4nger*innen<\/li><li>fast durchgehend beidseitig L\u00e4ngsparkstreifen<\/li><li>71% der Fl\u00e4che stehen Autofahrer*innen zur Verf\u00fcgung<\/li><\/ul>\t\t\t\t\t\t\t\t<\/div>\n\t\t\t\t<\/div>\n\t\t\t\t\t<\/div>\n\t\t<\/div>\n\t\t\t\t\t<\/div>\n\t\t<\/section>\n\t\t\t\t<section class=\"elementor-section elementor-top-section elementor-element elementor-element-a42b2f0 qode_elementor_container_inner elementor-section-content-top elementor-section-boxed elementor-section-height-default elementor-section-height-default parallax_section_no qode-content-aligment-left\" data-id=\"a42b2f0\" data-element_type=\"section\" data-e-type=\"section\">\n\t\t\t\t\t\t<div class=\"elementor-container elementor-column-gap-default\">\n\t\t\t\t\t<div class=\"elementor-column elementor-col-50 elementor-top-column elementor-element elementor-element-86e39fe\" data-id=\"86e39fe\" data-element_type=\"column\" data-e-type=\"column\">\n\t\t\t<div class=\"elementor-widget-wrap elementor-element-populated\">\n\t\t\t\t\t\t<div class=\"elementor-element elementor-element-64cdfb0 elementor-widget elementor-widget-image\" data-id=\"64cdfb0\" data-element_type=\"widget\" data-e-type=\"widget\" data-widget_type=\"image.default\">\n\t\t\t\t<div class=\"elementor-widget-container\">\n\t\t\t\t\t\t\t\t\t\t\t\t\t\t\t<img loading=\"lazy\" decoding=\"async\" width=\"1090\" height=\"960\" src=\"https:\/\/xn--lindwurmstraefralle-wtb52d.de\/wp-content\/uploads\/2024\/03\/Bildschirmfoto-2024-03-02-um-11.46.21.png\" class=\"attachment-full size-full wp-image-864\" alt=\"\" srcset=\"https:\/\/xn--lindwurmstraefralle-wtb52d.de\/wp-content\/uploads\/2024\/03\/Bildschirmfoto-2024-03-02-um-11.46.21.png 1090w, https:\/\/xn--lindwurmstraefralle-wtb52d.de\/wp-content\/uploads\/2024\/03\/Bildschirmfoto-2024-03-02-um-11.46.21-300x264.png 300w, https:\/\/xn--lindwurmstraefralle-wtb52d.de\/wp-content\/uploads\/2024\/03\/Bildschirmfoto-2024-03-02-um-11.46.21-1024x902.png 1024w, https:\/\/xn--lindwurmstraefralle-wtb52d.de\/wp-content\/uploads\/2024\/03\/Bildschirmfoto-2024-03-02-um-11.46.21-768x676.png 768w, https:\/\/xn--lindwurmstraefralle-wtb52d.de\/wp-content\/uploads\/2024\/03\/Bildschirmfoto-2024-03-02-um-11.46.21-700x617.png 700w\" sizes=\"(max-width: 1090px) 100vw, 1090px\" \/>\t\t\t\t\t\t\t\t\t\t\t\t\t\t\t<\/div>\n\t\t\t\t<\/div>\n\t\t\t\t\t<\/div>\n\t\t<\/div>\n\t\t\t\t<div class=\"elementor-column elementor-col-50 elementor-top-column elementor-element elementor-element-e7947e1\" data-id=\"e7947e1\" data-element_type=\"column\" data-e-type=\"column\" data-settings=\"{&quot;background_background&quot;:&quot;classic&quot;,&quot;animation&quot;:&quot;none&quot;}\">\n\t\t\t<div class=\"elementor-widget-wrap elementor-element-populated\">\n\t\t\t\t\t\t<div class=\"elementor-element elementor-element-f24be22 elementor-widget elementor-widget-text-editor\" data-id=\"f24be22\" data-element_type=\"widget\" data-e-type=\"widget\" data-widget_type=\"text-editor.default\">\n\t\t\t\t<div class=\"elementor-widget-container\">\n\t\t\t\t\t\t\t\t\t<h2>Und was soll dort passieren?<\/h2>\t\t\t\t\t\t\t\t<\/div>\n\t\t\t\t<\/div>\n\t\t\t\t<div class=\"elementor-element elementor-element-2008e9a elementor-widget__width-initial elementor-widget elementor-widget-text-editor\" data-id=\"2008e9a\" data-element_type=\"widget\" data-e-type=\"widget\" data-widget_type=\"text-editor.default\">\n\t\t\t\t<div class=\"elementor-widget-container\">\n\t\t\t\t\t\t\t\t\t<ul><li>Bessere Aufteilung des \u00f6ffentlichen Raumes<\/li><li>49% der Fl\u00e4che f\u00fcr Fu\u00dfg\u00e4nger*innen und Radfahrer*innen<\/li><li>heutiger Radweg kommt zur Gehwegfl\u00e4che hinzu<\/li><li>au\u00dferhalb Kreuzungen nur noch ein Fahrstreifen<\/li><li>Parkbuchten f\u00fcr Liefer- und Kundenverkehr sowie f\u00fcr n\u00e4chtliches Anwohnerparken\u00a0<\/li><\/ul>\t\t\t\t\t\t\t\t<\/div>\n\t\t\t\t<\/div>\n\t\t\t\t\t<\/div>\n\t\t<\/div>\n\t\t\t\t\t<\/div>\n\t\t<\/section>\n\t\t<div class=\"elementor-element elementor-element-c489233 e-flex e-con-boxed e-con e-parent\" data-id=\"c489233\" data-element_type=\"container\" data-e-type=\"container\">\n\t\t\t\t\t<div class=\"e-con-inner\">\n\t\t\t\t<div class=\"elementor-element elementor-element-ebd641e elementor-widget elementor-widget-video\" data-id=\"ebd641e\" data-element_type=\"widget\" data-e-type=\"widget\" data-settings=\"{&quot;youtube_url&quot;:&quot;https:\\\/\\\/www.youtube.com\\\/watch?v=jWWWsmqBSD0&quot;,&quot;autoplay&quot;:&quot;yes&quot;,&quot;play_on_mobile&quot;:&quot;yes&quot;,&quot;video_type&quot;:&quot;youtube&quot;,&quot;controls&quot;:&quot;yes&quot;}\" data-widget_type=\"video.default\">\n\t\t\t\t<div class=\"elementor-widget-container\">\n\t\t\t\t\t\t\t<div class=\"elementor-wrapper elementor-open-inline\">\n\t\t\t<div class=\"elementor-video\"><\/div>\t\t<\/div>\n\t\t\t\t\t\t<\/div>\n\t\t\t\t<\/div>\n\t\t\t\t\t<\/div>\n\t\t\t\t<\/div>\n\t\t<div class=\"elementor-element elementor-element-66e435a e-flex e-con-boxed e-con e-parent\" data-id=\"66e435a\" data-element_type=\"container\" data-e-type=\"container\" data-settings=\"{&quot;background_background&quot;:&quot;classic&quot;}\">\n\t\t\t\t\t<div class=\"e-con-inner\">\n\t\t<div class=\"elementor-element elementor-element-057170d e-flex e-con-boxed e-con e-child\" data-id=\"057170d\" data-element_type=\"container\" data-e-type=\"container\">\n\t\t\t\t\t<div class=\"e-con-inner\">\n\t\t\t\t<div class=\"elementor-element elementor-element-726909b elementor-widget elementor-widget-heading\" data-id=\"726909b\" data-element_type=\"widget\" data-e-type=\"widget\" data-widget_type=\"heading.default\">\n\t\t\t\t<div class=\"elementor-widget-container\">\n\t\t\t\t\t<h2 class=\"elementor-heading-title elementor-size-default\">H\u00f6rt sich gut an \u2013 und was passiert jetzt?!<\/h2>\t\t\t\t<\/div>\n\t\t\t\t<\/div>\n\t\t\t\t<div class=\"elementor-element elementor-element-f250ea5 elementor-widget elementor-widget-heading\" data-id=\"f250ea5\" data-element_type=\"widget\" data-e-type=\"widget\" data-widget_type=\"heading.default\">\n\t\t\t\t<div class=\"elementor-widget-container\">\n\t\t\t\t\t<div class=\"elementor-heading-title elementor-size-default\"><a href=\"https:\/\/www.merkur.de\/lokales\/muenchen\/ob-legt-projekt-auf-eis-riesenstreit-um-umbau-der-lindwurmstrasse-92817681.html\" target=\"_blank\">Am 6.2.24 geht durch die Presse: OB Reiter legt den Umbau auf Eis...<br><br>Wie bitte? Das darf nicht passieren! <br><br>Der Umbau muss kommen \u2013 und zwar so schnell es geht!<\/a><\/div>\t\t\t\t<\/div>\n\t\t\t\t<\/div>\n\t\t\t\t\t<\/div>\n\t\t\t\t<\/div>\n\t\t\t\t\t<\/div>\n\t\t\t\t<\/div>\n\t\t\t\t<\/div>\n\t\t","protected":false},"excerpt":{"rendered":"<p>Wo bleibt der Umbau der Lindwurmstra\u00dfe?! Die Zahlen sind eindeutig: immer mehr Radfahrer*innen und Fu\u00dfg\u00e4nger*innen nutzen die Lindwurmstra\u00dfe \u2013 w\u00e4hrend der Autoverkehr stetig abnimmt: 9300 Radfahrer*innen T\u00e4glich auf der Lindwurmstra\u00dfe 70 Prozent Mehr Radverkehr seit 2011 35 Prozent Weniger Autoverkehr seit 2011 Worum geht es?&#8230;<\/p>\n","protected":false},"author":8,"featured_media":0,"parent":0,"menu_order":0,"comment_status":"closed","ping_status":"closed","template":"","meta":{"footnotes":""},"class_list":["post-33","page","type-page","status-publish","hentry"],"_links":{"self":[{"href":"https:\/\/xn--lindwurmstraefralle-wtb52d.de\/index.php?rest_route=\/wp\/v2\/pages\/33","targetHints":{"allow":["GET"]}}],"collection":[{"href":"https:\/\/xn--lindwurmstraefralle-wtb52d.de\/index.php?rest_route=\/wp\/v2\/pages"}],"about":[{"href":"https:\/\/xn--lindwurmstraefralle-wtb52d.de\/index.php?rest_route=\/wp\/v2\/types\/page"}],"author":[{"embeddable":true,"href":"https:\/\/xn--lindwurmstraefralle-wtb52d.de\/index.php?rest_route=\/wp\/v2\/users\/8"}],"replies":[{"embeddable":true,"href":"https:\/\/xn--lindwurmstraefralle-wtb52d.de\/index.php?rest_route=%2Fwp%2Fv2%2Fcomments&post=33"}],"version-history":[{"count":317,"href":"https:\/\/xn--lindwurmstraefralle-wtb52d.de\/index.php?rest_route=\/wp\/v2\/pages\/33\/revisions"}],"predecessor-version":[{"id":1217,"href":"https:\/\/xn--lindwurmstraefralle-wtb52d.de\/index.php?rest_route=\/wp\/v2\/pages\/33\/revisions\/1217"}],"wp:attachment":[{"href":"https:\/\/xn--lindwurmstraefralle-wtb52d.de\/index.php?rest_route=%2Fwp%2Fv2%2Fmedia&parent=33"}],"curies":[{"name":"wp","href":"https:\/\/api.w.org\/{rel}","templated":true}]}}